{"id":3550,"date":"2015-01-13T20:48:17","date_gmt":"2015-01-13T18:48:17","guid":{"rendered":"https:\/\/www.pegasus-unterwegs.ch\/?page_id=3550"},"modified":"2018-09-17T10:07:53","modified_gmt":"2018-09-17T08:07:53","slug":"direction-sud","status":"publish","type":"page","link":"https:\/\/www.pegasus-unterwegs.ch\/fr\/reisen\/notizen\/jdb-avec-notre-bercail\/jdb-de-maroc\/direction-sud\/","title":{"rendered":"Direction sud"},"content":{"rendered":"<div class=\"wpb-content-wrapper\"><div class=\"fusion-fullwidth fullwidth-box fusion-builder-row-1 hundred-percent-fullwidth non-hundred-percent-height-scrolling\" style=\"--awb-border-radius-top-left:0px;--awb-border-radius-top-right:0px;--awb-border-radius-bottom-right:0px;--awb-border-radius-bottom-left:0px;--awb-overflow:visible;--awb-flex-wrap:wrap;\" ><div class=\"fusion-builder-row fusion-row\"><div class=\"fusion-layout-column fusion_builder_column fusion-builder-column-0 fusion_builder_column_1_1 1_1 fusion-one-full fusion-column-first fusion-column-last fusion-column-no-min-height\" style=\"--awb-bg-size:cover;--awb-margin-bottom:0px;\"><div class=\"fusion-column-wrapper fusion-flex-column-wrapper-legacy\">[vc_row][vc_column][vc_column_text]\n<h1>Direction sud<\/h1>\n<p>23.12.14-4.1.15<\/p>\n<p style=\"text-align: justify;\">Au d\u00e9but notre devise \u00e9tait clair: si vite que possible au sud. Parce que il nous a tellement plus de circuler sur des petites ruelles Suisse avec notre nouvelle camion, nous avons fait la premi\u00e8re partie jusqu\u2019\u00e0 Cham deux fois. Nous sommes des gens efficace, alors la deuxi\u00e8me fois nous avons aussi pris le passeport !<\/p>\n<p style=\"text-align: justify;\">Et car il \u00e9tait tellement beau pr\u00eat de Luzerne, nous avons fait changer la batterie de la cabine. Malgr\u00e9 de l\u2019\u00e9lectricit\u00e9 du r\u00e9seau fixe nous avons jamais eu assez de tension. Entre temps il \u00e9tait 17.00h. Pour nous c\u2019\u00e9tait clair, il fallait sortir au moins de la Suisse. Nous roulais comme des fous pour traverser la fronti\u00e8re \u00e0 Gen\u00e8ve. Just apr\u00e8s la fronti\u00e8re nous avons trouv\u00e9s notre premi\u00e8re place dans un petit village, tr\u00e8s gentil et tr\u00e8s calme.<\/p>\n<p style=\"text-align: justify;\">\u00c0 Noel nous avons constat\u00e9 que notre toilette n\u2019\u00e9tait pas \u00e9tanche. Mais nous avons fix\u00e9 le probl\u00e8me imm\u00e9diatement nous-m\u00eame. Apr\u00e8s \u00e7a nous sommes roul\u00e9s jusqu\u2019\u00e0 Barcelone. Le lendemain nous avons fix\u00e9 de rencontrer Cat et Fab, des amis de la Suisse Romandie, \u00e0 Almeria. Eu, ils nous ont trouv\u00e9 au milieu de la ville une place pour rester pendant la nuit. La soir\u00e9e est tr\u00e8s sympa et nous esp\u00e9rons de les revoir en moto.<\/p>\n<p style=\"text-align: justify;\">Le matin Gabi avais mal aux dents. Elle a \u00e9norm\u00e9ment peur du dentiste. Mais la douleur et l\u2019id\u00e9e au pire de laisser faire quelque chose au Maroc, faisait qu\u2019elle \u00e9tait pr\u00eate de voir un dentiste \u00e0 Almeria. Elle a re\u00e7u de l\u2019antibiotique et, si \u00e7a ne sera pas mieux elle fallait visiter un dentiste en Maroc ! Cette pr\u00e9vision et l\u2019antibiotique ont aid\u00e9s \u00e0 gu\u00e9rir apr\u00e8s une semaine tous les douleurs.<\/p>\n[\/vc_column_text][\/vc_column][\/vc_row]<div class=\"fusion-clearfix\"><\/div><\/div><\/div><div class=\"fusion-layout-column fusion_builder_column fusion-builder-column-1 fusion_builder_column_1_1 1_1 fusion-one-full fusion-column-first fusion-column-last fusion-column-no-min-height\" style=\"--awb-bg-size:cover;--awb-margin-bottom:0px;\"><div class=\"fusion-column-wrapper fusion-flex-column-wrapper-legacy\">[vc_row][vc_column width=\u00a0\u00bb1\/2&Prime;][vc_single_image image=\u00a0\u00bb3577&Prime; img_size=\u00a0\u00bblarge\u00a0\u00bb][\/vc_column][vc_column width=\u00a0\u00bb1\/2&Prime;][vc_single_image image=\u00a0\u00bb3578&Prime; img_size=\u00a0\u00bblarge\u00a0\u00bb alignment=\u00a0\u00bbright\u00a0\u00bb][\/vc_column][\/vc_row]<div class=\"fusion-clearfix\"><\/div><\/div><\/div><div class=\"fusion-layout-column fusion_builder_column fusion-builder-column-2 fusion_builder_column_1_1 1_1 fusion-one-full fusion-column-first fusion-column-last fusion-column-no-min-height\" style=\"--awb-bg-size:cover;--awb-margin-bottom:0px;\"><div class=\"fusion-column-wrapper fusion-flex-column-wrapper-legacy\">[vc_row][vc_column][vc_column_text]\n<p style=\"text-align: justify;\">Nous avons roul\u00e9 jusqu\u2019\u00e0 Algeciras et achet\u00e9s les billets pour le bac le lendemain. Sur le parking du supermarch\u00e9 attendaient avec nous beaucoup des caravanes. \u00c7a a l\u2019air que tout le monde aimeraient passer l\u2019hiver en Maroc dans un climat plus agr\u00e9able. On nous a dit que normalement il y en a beaucoup plus, mais la France et l\u2019Allemagne ont d\u00e9clar\u00e9 Maroc comme plus s\u00fbr.<\/p>\n<p style=\"text-align: justify;\">Le bac ne partirait pas comme nous avons pens\u00e9 \u00e0 11.00h mais \u00e0 13.00h, par contre nous ne sommes arriv\u00e9s d\u00e9j\u00e0 apr\u00e8s 2h en Tanger Med. La police ne nous a pas laiss\u00e9 partir du bateau parce que nous n\u2019avons pas laisser tamponner nos passeports sur le bateau. Il faut qu\u2019on nous dise \u00e7a d\u2019avance! Apr\u00e8s le diner du douanier, qui a dur\u00e9 peut pr\u00eat une heure et demi, il nous a fait les tempos et nous avons rencontr\u00e9 tous nos coll\u00e8gues du bateau devant la douane ! Apr\u00e8s une autre attende de 2h notre camion \u00e9tait contr\u00f4l\u00e9 comme derni\u00e8re dans peu pr\u00eat 2s. Nous \u00e9tions au Maroc.<\/p>\n<p style=\"text-align: justify;\">Comme premier nous avons achet\u00e9 du diesel, apr\u00e8s nous avons remplis nos tanks avec du l\u2019eau et vider les tanks avec l\u2019eau us\u00e9, puis il nous fallait des cartes pour nos mobiles. Apr\u00e8s tous ces devoirs nous avons trouv\u00e9 une sorte de camping au milieu de Tanger. L\u2019entr\u00e9e \u00e9tait assez \u00e9troite, mais nous avons pu entrer sans faire des d\u00e9g\u00e2ts.<\/p>\n[\/vc_column_text][\/vc_column][\/vc_row]<div class=\"fusion-clearfix\"><\/div><\/div><\/div><div class=\"fusion-layout-column fusion_builder_column fusion-builder-column-3 fusion_builder_column_1_1 1_1 fusion-one-full fusion-column-first fusion-column-last fusion-column-no-min-height\" style=\"--awb-bg-size:cover;--awb-margin-bottom:0px;\"><div class=\"fusion-column-wrapper fusion-flex-column-wrapper-legacy\">[vc_row][vc_column width=\u00a0\u00bb1\/3&Prime;][vc_single_image image=\u00a0\u00bb3573&Prime; img_size=\u00a0\u00bblarge\u00a0\u00bb][\/vc_column][vc_column width=\u00a0\u00bb1\/3&Prime;][vc_single_image image=\u00a0\u00bb3579&Prime; img_size=\u00a0\u00bblarge\u00a0\u00bb alignment=\u00a0\u00bbcenter\u00a0\u00bb][\/vc_column][vc_column width=\u00a0\u00bb1\/3&Prime;][vc_single_image image=\u00a0\u00bb3576&Prime; img_size=\u00a0\u00bblarge\u00a0\u00bb alignment=\u00a0\u00bbright\u00a0\u00bb][\/vc_column][\/vc_row]<div class=\"fusion-clearfix\"><\/div><\/div><\/div><div class=\"fusion-layout-column fusion_builder_column fusion-builder-column-4 fusion_builder_column_1_1 1_1 fusion-one-full fusion-column-first fusion-column-last fusion-column-no-min-height\" style=\"--awb-bg-size:cover;--awb-margin-bottom:0px;\"><div class=\"fusion-column-wrapper fusion-flex-column-wrapper-legacy\">[vc_row][vc_column][vc_column_text]\n<p style=\"text-align: justify;\">Le trafic n\u2019est pas comme chez nous. On roule avec beaucoup de cr\u00e9ativit\u00e9 et avec beaucoup moins de r\u00e8gles. Pour nous entent comme des novices camionneurs c\u2019est aussi une chance. On nous pardons nos fautes. Aussi dans notre petit appartement roulant il faut que nous nous arrangions. Nous avons pens\u00e9 de passer notre temps toujours dehors, mais il est nettement trop froid le soir. Quand le soleil se couche il fait imm\u00e9diatement froid et il faut rentrer chez soi. Un autre point de discussion c\u2019est les places pour passer la nuit.<\/p>\n<p style=\"text-align: justify;\">Notre tuyau pour des apprentis en camping: cherchez la place avant 16.00h et prenez surtout une couverture chaud, car dans la nuit il fait froid. Dans les restaurants on ne chauffe pas mais on laisse les porte toujours ouvertes, alors il faut manger dans les manteaux doudoune, tr\u00e8s convivial.<\/p>\n<p style=\"text-align: justify;\">Nous, sans doudounes, descendons toujours plus au sud avec l\u2019id\u00e9e qu\u2019il faut que \u00e7a sera plus chaud au sud. Nous avons pass\u00e9s Rabat, et Casablanca avec Rick\u2019s Caf\u00e9 et la mosqu\u00e9e Hassan II. Elle est vraiment impressionnante.<\/p>\n[\/vc_column_text][\/vc_column][\/vc_row]<div class=\"fusion-clearfix\"><\/div><\/div><\/div><div class=\"fusion-layout-column fusion_builder_column fusion-builder-column-5 fusion_builder_column_1_1 1_1 fusion-one-full fusion-column-first fusion-column-last fusion-column-no-min-height\" style=\"--awb-bg-size:cover;--awb-margin-bottom:0px;\"><div class=\"fusion-column-wrapper fusion-flex-column-wrapper-legacy\">[vc_row][vc_column width=\u00a0\u00bb1\/2&Prime;][vc_single_image image=\u00a0\u00bb3574&Prime; img_size=\u00a0\u00bblarge\u00a0\u00bb][\/vc_column][vc_column width=\u00a0\u00bb1\/2&Prime;][vc_single_image image=\u00a0\u00bb3575&Prime; img_size=\u00a0\u00bblarge\u00a0\u00bb alignment=\u00a0\u00bbright\u00a0\u00bb][\/vc_column][\/vc_row]<div class=\"fusion-clearfix\"><\/div><\/div><\/div><div class=\"fusion-layout-column fusion_builder_column fusion-builder-column-6 fusion_builder_column_1_1 1_1 fusion-one-full fusion-column-first fusion-column-last fusion-column-no-min-height\" style=\"--awb-bg-size:cover;--awb-margin-bottom:0px;\"><div class=\"fusion-column-wrapper fusion-flex-column-wrapper-legacy\">[vc_row][vc_column][vc_column_text]\n<p style=\"text-align: justify;\">Toujours au bord de l\u2019Atlantic nous sommes arriv\u00e9s \u00e0 Agadir. Les vagues important attirent pas mal des surfeurs. Le paysage est tr\u00e8s joli et il y a aussi des plages sensationnelles. Ce qui nous a \u00e9blouis le plus, c\u2019\u00e9tait la construction partout. Qui va habiter dans les constructions \u00e9normes et dans tous les appartements? La pluparts des apparts sont vides, mais la construction continue!<\/p>\n[\/vc_column_text][\/vc_column][\/vc_row]<div class=\"fusion-clearfix\"><\/div><\/div><\/div><div class=\"fusion-layout-column fusion_builder_column fusion-builder-column-7 fusion_builder_column_1_1 1_1 fusion-one-full fusion-column-first fusion-column-last fusion-column-no-min-height\" style=\"--awb-bg-size:cover;--awb-margin-bottom:0px;\"><div class=\"fusion-column-wrapper fusion-flex-column-wrapper-legacy\">[vc_row][vc_column width=\u00a0\u00bb1\/3&Prime;][vc_single_image image=\u00a0\u00bb3572&Prime; img_size=\u00a0\u00bblarge\u00a0\u00bb][\/vc_column][vc_column width=\u00a0\u00bb1\/3&Prime;][vc_single_image image=\u00a0\u00bb3580&Prime; img_size=\u00a0\u00bblarge\u00a0\u00bb alignment=\u00a0\u00bbcenter\u00a0\u00bb][\/vc_column][vc_column width=\u00a0\u00bb1\/3&Prime;][vc_single_image image=\u00a0\u00bb3581&Prime; img_size=\u00a0\u00bblarge\u00a0\u00bb alignment=\u00a0\u00bbright\u00a0\u00bb][\/vc_column][\/vc_row]<div class=\"fusion-clearfix\"><\/div><\/div><\/div><div class=\"fusion-layout-column fusion_builder_column fusion-builder-column-8 fusion_builder_column_1_1 1_1 fusion-one-full fusion-column-first fusion-column-last fusion-column-no-min-height\" style=\"--awb-bg-size:cover;--awb-margin-bottom:0px;\"><div class=\"fusion-column-wrapper fusion-flex-column-wrapper-legacy\">[vc_row][vc_column][vc_column_text]\n<p style=\"text-align: justify;\">A Agadir nous avons laiss\u00e9 faire les premi\u00e8res r\u00e9parations dans notre mobilhome. Nous avons re\u00e7us l\u2019adresse d\u2019une gentil couple. Ce jour-l\u00e0 il y a dimanche et une f\u00eate en plus, mais tous nos petits d\u00e9g\u00e2ts inclus un nouveau robinet dans la cuisine \u00e9tait r\u00e9par\u00e9 pendant une heure. Notre derni\u00e8re station au bord de la mer et un des plus au sud c\u2019\u00e9tait Tiznit. A partir de l\u00e0 on roule vers l\u2019est dans l\u2019Anti Atlas.<\/p>\n[\/vc_column_text][\/vc_column][\/vc_row]<div class=\"fusion-clearfix\"><\/div><\/div><\/div><div class=\"fusion-layout-column fusion_builder_column fusion-builder-column-9 fusion_builder_column_1_1 1_1 fusion-one-full fusion-column-first fusion-column-last fusion-column-no-min-height\" style=\"--awb-bg-size:cover;--awb-margin-bottom:0px;\"><div class=\"fusion-column-wrapper fusion-flex-column-wrapper-legacy\">[vc_row][vc_column width=\u00a0\u00bb1\/12&Prime;][vc_icon icon_fontawesome=\u00a0\u00bbfa fa-reply\u00a0\u00bb color=\u00a0\u00bbgrey\u00a0\u00bb link=\u00a0\u00bburl:http%3A%2F%2Fwww.pegasus-unterwegs.ch%2Ffr%2Freisen%2Fnotizen%2Fjournals-de-bord-des-courtes-sejours%2Fschottland%2F||\u00a0\u00bb][\/vc_column][vc_column width=\u00a0\u00bb2\/12&Prime;][vc_column_text css=\u00a0\u00bb.vc_custom_1437674367904{margin-top: 20px !important;}\u00a0\u00bb]\n<p>pr\u00e9c\u00e9dant<\/p>\n[\/vc_column_text][\/vc_column][vc_column width=\u00a0\u00bb1\/12&Prime;][vc_icon icon_fontawesome=\u00a0\u00bbfa fa-film\u00a0\u00bb color=\u00a0\u00bbgrey\u00a0\u00bb link=\u00a0\u00bburl:http%3A%2F%2Fwww.pegasus-unterwegs.ch%2F%3Fpage_id%3D3624%26lang%3Dfr||target:%20_blank\u00a0\u00bb][\/vc_column][vc_column width=\u00a0\u00bb2\/12&Prime;][vc_column_text css=\u00a0\u00bb.vc_custom_1437674382888{margin-top: 20px !important;}\u00a0\u00bb]\n<p>Multim\u00e9dia<\/p>\n[\/vc_column_text][\/vc_column][vc_column width=\u00a0\u00bb1\/12&Prime;][vc_icon icon_fontawesome=\u00a0\u00bbfa fa-picture-o\u00a0\u00bb color=\u00a0\u00bbgrey\u00a0\u00bb link=\u00a0\u00bburl:http%3A%2F%2Fwww.pegasus-unterwegs.ch%2Fwp-content%2Fuploads%2F2015%2F01%2F1.-Etappe.jpg||target:%20_blank\u00a0\u00bb][\/vc_column][vc_column width=\u00a0\u00bb2\/12&Prime;][vc_column_text css=\u00a0\u00bb.vc_custom_1437674405266{margin-top: 20px !important;}\u00a0\u00bb]\n<p>Itin\u00e9raire<\/p>\n[\/vc_column_text][\/vc_column][vc_column width=\u00a0\u00bb1\/12&Prime;][vc_icon icon_fontawesome=\u00a0\u00bbfa fa-share\u00a0\u00bb color=\u00a0\u00bbgrey\u00a0\u00bb link=\u00a0\u00bburl:http%3A%2F%2Fwww.pegasus-unterwegs.ch%2Ffr%2Freisen%2Fnotizen%2Fjdb-avec-notre-bercail%2Fjdb-de-maroc%2Fsuedmarokko%2F||\u00a0\u00bb][\/vc_column][vc_column width=\u00a0\u00bb2\/12&Prime;][vc_column_text css=\u00a0\u00bb.vc_custom_1437674420720{margin-top: 20px !important;}\u00a0\u00bb]\n<p>prochain<\/p>\n[\/vc_column_text][\/vc_column][\/vc_row]<div class=\"fusion-clearfix\"><\/div><\/div><\/div><\/div><\/div>\n<\/div>","protected":false},"excerpt":{"rendered":"[vc_row][vc_column][vc_column_text] Direction sud 23.12.14-4.1.15 Au d\u00e9but notre devise \u00e9tait clair: si vite que possible au sud. Parce que il nous a tellement plus de circuler sur des petites ruelles Suisse avec notre nouvelle camion, nous  [...]","protected":false},"author":4,"featured_media":0,"parent":3547,"menu_order":0,"comment_status":"closed","ping_status":"closed","template":"full-width.php","meta":{"footnotes":""},"class_list":["post-3550","page","type-page","status-publish","hentry"],"jetpack_sharing_enabled":true,"_links":{"self":[{"href":"https:\/\/www.pegasus-unterwegs.ch\/fr\/wp-json\/wp\/v2\/pages\/3550","targetHints":{"allow":["GET"]}}],"collection":[{"href":"https:\/\/www.pegasus-unterwegs.ch\/fr\/wp-json\/wp\/v2\/pages"}],"about":[{"href":"https:\/\/www.pegasus-unterwegs.ch\/fr\/wp-json\/wp\/v2\/types\/page"}],"author":[{"embeddable":true,"href":"https:\/\/www.pegasus-unterwegs.ch\/fr\/wp-json\/wp\/v2\/users\/4"}],"replies":[{"embeddable":true,"href":"https:\/\/www.pegasus-unterwegs.ch\/fr\/wp-json\/wp\/v2\/comments?post=3550"}],"version-history":[{"count":0,"href":"https:\/\/www.pegasus-unterwegs.ch\/fr\/wp-json\/wp\/v2\/pages\/3550\/revisions"}],"up":[{"embeddable":true,"href":"https:\/\/www.pegasus-unterwegs.ch\/fr\/wp-json\/wp\/v2\/pages\/3547"}],"wp:attachment":[{"href":"https:\/\/www.pegasus-unterwegs.ch\/fr\/wp-json\/wp\/v2\/media?parent=3550"}],"curies":[{"name":"wp","href":"https:\/\/api.w.org\/{rel}","templated":true}]}}